{"id":14,"date":"2019-08-29T03:18:07","date_gmt":"2019-08-29T01:18:07","guid":{"rendered":"http:\/\/archiconceptint.sn\/en\/?page_id=14"},"modified":"2019-10-02T03:10:18","modified_gmt":"2019-10-02T01:10:18","slug":"the-lagon-2-hotel","status":"publish","type":"page","link":"http:\/\/archiconceptint.sn\/en\/projects\/the-lagon-2-hotel\/","title":{"rendered":"The Lagon 2 Hotel"},"content":{"rendered":"<p><div class=\"fusion-fullwidth fullwidth-box nonhundred-percent-fullwidth non-hundred-percent-height-scrolling\"  style='background-color: rgba(255,255,255,0);background-position: center center;background-repeat: no-repeat;padding-top:0px;padding-right:0px;padding-bottom:0px;padding-left:0px;'><div class=\"fusion-builder-row fusion-row \"><div  class=\"fusion-layout-column fusion_builder_column fusion_builder_column_1_1  fusion-one-full fusion-column-first fusion-column-last 1_1\"  style='margin-top:0px;margin-bottom:20px;'>\n\t\t\t\t\t<div class=\"fusion-column-wrapper\" style=\"background-position:left top;background-repeat:no-repeat;-webkit-background-size:cover;-moz-background-size:cover;-o-background-size:cover;background-size:cover;\"  data-bg-url=\"\">\n\t\t\t\t\t\t<div class=\"lagonHd\"><\/div><div class=\"fusion-clearfix\"><\/div>\n\n\t\t\t\t\t<\/div>\n\t\t\t\t<\/div><div  class=\"fusion-layout-column fusion_builder_column fusion_builder_column_1_1  fusion-one-full fusion-column-first fusion-column-last 1_1\"  style='margin-top:0px;margin-bottom:0px;'>\n\t\t\t\t\t<div class=\"fusion-column-wrapper\" style=\"padding: 0px 0px 0px 0px;background-position:left top;background-repeat:no-repeat;-webkit-background-size:cover;-moz-background-size:cover;-o-background-size:cover;background-size:cover;\"  data-bg-url=\"\">\n\t\t\t\t\t\t<div class=\"fusion-title title fusion-sep-none fusion-title-center fusion-title-size-one\" style=\"margin-top:0px;margin-bottom:31px;\"><h1 class=\"title-heading-center\">The Lagon 2 Hotel<\/h1><\/div><div class=\"fusion-content-boxes content-boxes columns row fusion-columns-1 fusion-columns-total-1 fusion-content-boxes-1 content-boxes-icon-with-title content-left projectTech\" data-animationOffset=\"100%\" style=\"margin-top:0px;margin-bottom:0px;\"><style type=\"text\/css\" scoped=\"scoped\">.fusion-content-boxes-1 .heading h2{color:#333333;}\n\t\t\t\t\t.fusion-content-boxes-1 .fusion-content-box-hover .link-area-link-icon-hover .heading h2,\n\t\t\t\t\t.fusion-content-boxes-1 .fusion-content-box-hover .link-area-link-icon-hover .heading .heading-link h2,\n\t\t\t\t\t.fusion-content-boxes-1 .fusion-content-box-hover .link-area-box-hover .heading h2,\n\t\t\t\t\t.fusion-content-boxes-1 .fusion-content-box-hover .link-area-box-hover .heading .heading-link h2,\n\t\t\t\t\t.fusion-content-boxes-1 .fusion-content-box-hover .link-area-link-icon-hover.link-area-box .fusion-read-more,\n\t\t\t\t\t.fusion-content-boxes-1 .fusion-content-box-hover .link-area-link-icon-hover.link-area-box .fusion-read-more::after,\n\t\t\t\t\t.fusion-content-boxes-1 .fusion-content-box-hover .link-area-link-icon-hover.link-area-box .fusion-read-more::before,\n\t\t\t\t\t.fusion-content-boxes-1 .fusion-content-box-hover .fusion-read-more:hover:after,\n\t\t\t\t\t.fusion-content-boxes-1 .fusion-content-box-hover .fusion-read-more:hover:before,\n\t\t\t\t\t.fusion-content-boxes-1 .fusion-content-box-hover .fusion-read-more:hover,\n\t\t\t\t\t.fusion-content-boxes-1 .fusion-content-box-hover .link-area-box-hover.link-area-box .fusion-read-more,\n\t\t\t\t\t.fusion-content-boxes-1 .fusion-content-box-hover .link-area-box-hover.link-area-box .fusion-read-more::after,\n\t\t\t\t\t.fusion-content-boxes-1 .fusion-content-box-hover .link-area-box-hover.link-area-box .fusion-read-more::before,\n\t\t\t\t\t.fusion-content-boxes-1 .fusion-content-box-hover .link-area-link-icon-hover .icon .circle-no,\n\t\t\t\t\t.fusion-content-boxes-1 .heading .heading-link:hover .content-box-heading {\n\t\t\t\t\t\tcolor: #a0ce4e;\n\t\t\t\t\t}\n\t\t\t\t\t.fusion-content-boxes-1 .fusion-content-box-hover .link-area-box-hover .icon .circle-no {\n\t\t\t\t\t\tcolor: #a0ce4e !important;\n\t\t\t\t\t}.fusion-content-boxes-1 .fusion-content-box-hover .link-area-box.link-area-box-hover .fusion-content-box-button {background: #96c346;color: #ffffff;}.fusion-content-boxes-1 .fusion-content-box-hover .link-area-box.link-area-box-hover .fusion-content-box-button .fusion-button-text {color: #ffffff;}\n\t\t\t\t\t.fusion-content-boxes-1 .fusion-content-box-hover .link-area-link-icon-hover .heading .icon > span {\n\t\t\t\t\t\tbackground-color: #a0ce4e !important;\n\t\t\t\t\t}\n\t\t\t\t\t.fusion-content-boxes-1 .fusion-content-box-hover .link-area-box-hover .heading .icon > span {\n\t\t\t\t\t\tborder-color: #a0ce4e !important;\n\t\t\t\t\t}<\/style><div class=\"fusion-column content-box-column content-box-column content-box-column-1 col-lg-12 col-md-12 col-sm-12 fusion-content-box-hover  content-box-column-last content-box-column-last-in-row\"><div class=\"col content-wrapper link-area-link-icon icon-hover-animation-fade\" style=\"background-color:rgba(255,255,255,0);\" data-animationOffset=\"100%\"><div class=\"fusion-clearfix\"><\/div><div class=\"content-container\" style=\"color:#747474;\">\n<p style=\"text-align: center;\"><strong>PLACE<\/strong> : Dakar<br \/>\n<strong>PROGRAM<\/strong>\u00a0: Renovation and rehabilitation of the hotel Le Lagon 2<br \/>\n<strong>MASTER OF WORK<\/strong> : Le Lagon 2 Hotel<br \/>\n<strong>PROJECT MANAGER<\/strong> : Archi Concept International<br \/>\n<strong>AREA<\/strong> : 1 000m2<br \/>\n<strong>COMPANY<\/strong> : Idra &#8211; Building of various buildings<br \/>\n<strong>MATERIALS<\/strong>\u00a0: Stainless steel, brass, wood, glass, tiles<br \/>\n<strong>TYPE<\/strong> : Hotel &#8211; East corniche road<\/p>\n<\/div><\/div><\/div><div class=\"fusion-clearfix\"><\/div><style type=\"text\/css\" scoped=\"scoped\">\n\t\t\t\t\t\t.fusion-content-boxes-1 .fusion-content-box-hover .heading-link:hover .icon i.circle-yes,\n\t\t\t\t\t\t.fusion-content-boxes-1 .fusion-content-box-hover .link-area-box:hover .heading-link .icon i.circle-yes,\n\t\t\t\t\t\t.fusion-content-boxes-1 .fusion-content-box-hover .link-area-link-icon-hover .heading .icon i.circle-yes,\n\t\t\t\t\t\t.fusion-content-boxes-1 .fusion-content-box-hover .link-area-box-hover .heading .icon i.circle-yes {\n\t\t\t\t\t\t\tbackground-color: #a0ce4e !important;\n\t\t\t\t\t\t\tborder-color: #a0ce4e !important;\n\t\t\t\t\t\t}<\/style><div class=\"fusion-clearfix\"><\/div><\/div><div class=\"fusion-clearfix\"><\/div>\n\n\t\t\t\t\t<\/div>\n\t\t\t\t<\/div><\/div><\/div><div class=\"fusion-fullwidth fullwidth-box nonhundred-percent-fullwidth non-hundred-percent-height-scrolling\"  style='background-color: rgba(255,255,255,0);background-position: center center;background-repeat: no-repeat;padding-top:0px;padding-right:0px;padding-bottom:0px;padding-left:0px;'><div class=\"fusion-builder-row fusion-row \"><div  class=\"fusion-layout-column fusion_builder_column fusion_builder_column_1_2  fusion-one-half fusion-column-first fusion-spacing-no 1_2\"  style='margin-top:0px;margin-bottom:0px;width:50%;width:calc(50% - ( ( 0 ) * 0.5 ) );margin-right: 0px;'>\n\t\t\t\t\t<div class=\"fusion-column-wrapper\" style=\"padding: 0px 0px 0px 0px;background-position:left top;background-repeat:no-repeat;-webkit-background-size:cover;-moz-background-size:cover;-o-background-size:cover;background-size:cover;\"  data-bg-url=\"\">\n\t\t\t\t\t\t<span class=\"fusion-imageframe imageframe-none imageframe-1 hover-type-none\"><img loading=\"lazy\" decoding=\"async\" src=\"http:\/\/archiconceptint.sn\/en\/wp-content\/uploads\/2019\/10\/hotel-the-lagon-2-architectural-firm-dakar-senegal-malick-mbow-architect-dplg-f-dakar-senegal-1.jpg\" width=\"800\" height=\"533\" alt=\"Lagon 2 Hotel in Dakar, Senegal - Architectural firm Archi Concept International - Malick Mbow\" title=\"hotel-the-lagon-2-architectural-firm-dakar-senegal-malick-mbow-architect-dplg-f-dakar-senegal-1\" class=\"img-responsive wp-image-351\" srcset=\"http:\/\/archiconceptint.sn\/en\/wp-content\/uploads\/2019\/10\/hotel-the-lagon-2-architectural-firm-dakar-senegal-malick-mbow-architect-dplg-f-dakar-senegal-1-200x133.jpg 200w, http:\/\/archiconceptint.sn\/en\/wp-content\/uploads\/2019\/10\/hotel-the-lagon-2-architectural-firm-dakar-senegal-malick-mbow-architect-dplg-f-dakar-senegal-1-400x267.jpg 400w, http:\/\/archiconceptint.sn\/en\/wp-content\/uploads\/2019\/10\/hotel-the-lagon-2-architectural-firm-dakar-senegal-malick-mbow-architect-dplg-f-dakar-senegal-1-600x400.jpg 600w, http:\/\/archiconceptint.sn\/en\/wp-content\/uploads\/2019\/10\/hotel-the-lagon-2-architectural-firm-dakar-senegal-malick-mbow-architect-dplg-f-dakar-senegal-1.jpg 800w\" sizes=\"auto, (max-width: 800px) 100vw, 600px\" \/><\/span><div class=\"fusion-clearfix\"><\/div>\n\n\t\t\t\t\t<\/div>\n\t\t\t\t<\/div><div  class=\"fusion-layout-column fusion_builder_column fusion_builder_column_1_2  fusion-one-half fusion-column-last fusion-spacing-no 1_2\"  style='margin-top:0px;margin-bottom:0px;width:50%;width:calc(50% - ( ( 0 ) * 0.5 ) );'>\n\t\t\t\t\t<div class=\"fusion-column-wrapper\" style=\"padding: 0px 0px 0px 0px;background-position:left top;background-repeat:no-repeat;-webkit-background-size:cover;-moz-background-size:cover;-o-background-size:cover;background-size:cover;\"  data-bg-url=\"\">\n\t\t\t\t\t\t<span class=\"fusion-imageframe imageframe-none imageframe-2 hover-type-none\"><img loading=\"lazy\" decoding=\"async\" src=\"http:\/\/archiconceptint.sn\/en\/wp-content\/uploads\/2019\/10\/hotel-the-lagon-2-architectural-firm-dakar-senegal-malick-mbow-architect-dplg-f-dakar-senegal-2.jpg\" width=\"800\" height=\"533\" alt=\"Lagon 2 Hotel in Dakar, Senegal - Architectural firm Archi Concept International - Malick Mbow\" title=\"hotel-the-lagon-2-architectural-firm-dakar-senegal-malick-mbow-architect-dplg-f-dakar-senegal-2\" class=\"img-responsive wp-image-352\" srcset=\"http:\/\/archiconceptint.sn\/en\/wp-content\/uploads\/2019\/10\/hotel-the-lagon-2-architectural-firm-dakar-senegal-malick-mbow-architect-dplg-f-dakar-senegal-2-200x133.jpg 200w, http:\/\/archiconceptint.sn\/en\/wp-content\/uploads\/2019\/10\/hotel-the-lagon-2-architectural-firm-dakar-senegal-malick-mbow-architect-dplg-f-dakar-senegal-2-400x267.jpg 400w, http:\/\/archiconceptint.sn\/en\/wp-content\/uploads\/2019\/10\/hotel-the-lagon-2-architectural-firm-dakar-senegal-malick-mbow-architect-dplg-f-dakar-senegal-2-600x400.jpg 600w, http:\/\/archiconceptint.sn\/en\/wp-content\/uploads\/2019\/10\/hotel-the-lagon-2-architectural-firm-dakar-senegal-malick-mbow-architect-dplg-f-dakar-senegal-2.jpg 800w\" sizes=\"auto, (max-width: 800px) 100vw, 600px\" \/><\/span><div class=\"fusion-clearfix\"><\/div>\n\n\t\t\t\t\t<\/div>\n\t\t\t\t<\/div><\/div><\/div><div class=\"fusion-fullwidth fullwidth-box pArchiFull nonhundred-percent-fullwidth non-hundred-percent-height-scrolling\"  style='background-color: rgba(255,255,255,0);background-position: center center;background-repeat: no-repeat;padding-top:25px;padding-right:25px;padding-bottom:0px;padding-left:25px;'><div class=\"fusion-builder-row fusion-row \"><div  class=\"fusion-layout-column fusion_builder_column fusion_builder_column_1_2  fusion-one-half fusion-column-first 1_2\"  style='margin-top:0px;margin-bottom:0px;width:50%;width:calc(50% - ( ( 4% ) * 0.5 ) );margin-right: 4%;'>\n\t\t\t\t\t<div class=\"fusion-column-wrapper\" style=\"padding: 0px 0px 0px 0px;background-position:left top;background-repeat:no-repeat;-webkit-background-size:cover;-moz-background-size:cover;-o-background-size:cover;background-size:cover;\"  data-bg-url=\"\">\n\t\t\t\t\t\t<div class=\"fusion-content-boxes content-boxes columns row fusion-columns-1 fusion-columns-total-1 fusion-content-boxes-2 content-boxes-icon-with-title content-left\" data-animationOffset=\"100%\" style=\"margin-top:0px;margin-bottom:0px;\"><style type=\"text\/css\" scoped=\"scoped\">.fusion-content-boxes-2 .heading h2{color:#333333;}\n\t\t\t\t\t.fusion-content-boxes-2 .fusion-content-box-hover .link-area-link-icon-hover .heading h2,\n\t\t\t\t\t.fusion-content-boxes-2 .fusion-content-box-hover .link-area-link-icon-hover .heading .heading-link h2,\n\t\t\t\t\t.fusion-content-boxes-2 .fusion-content-box-hover .link-area-box-hover .heading h2,\n\t\t\t\t\t.fusion-content-boxes-2 .fusion-content-box-hover .link-area-box-hover .heading .heading-link h2,\n\t\t\t\t\t.fusion-content-boxes-2 .fusion-content-box-hover .link-area-link-icon-hover.link-area-box .fusion-read-more,\n\t\t\t\t\t.fusion-content-boxes-2 .fusion-content-box-hover .link-area-link-icon-hover.link-area-box .fusion-read-more::after,\n\t\t\t\t\t.fusion-content-boxes-2 .fusion-content-box-hover .link-area-link-icon-hover.link-area-box .fusion-read-more::before,\n\t\t\t\t\t.fusion-content-boxes-2 .fusion-content-box-hover .fusion-read-more:hover:after,\n\t\t\t\t\t.fusion-content-boxes-2 .fusion-content-box-hover .fusion-read-more:hover:before,\n\t\t\t\t\t.fusion-content-boxes-2 .fusion-content-box-hover .fusion-read-more:hover,\n\t\t\t\t\t.fusion-content-boxes-2 .fusion-content-box-hover .link-area-box-hover.link-area-box .fusion-read-more,\n\t\t\t\t\t.fusion-content-boxes-2 .fusion-content-box-hover .link-area-box-hover.link-area-box .fusion-read-more::after,\n\t\t\t\t\t.fusion-content-boxes-2 .fusion-content-box-hover .link-area-box-hover.link-area-box .fusion-read-more::before,\n\t\t\t\t\t.fusion-content-boxes-2 .fusion-content-box-hover .link-area-link-icon-hover .icon .circle-no,\n\t\t\t\t\t.fusion-content-boxes-2 .heading .heading-link:hover .content-box-heading {\n\t\t\t\t\t\tcolor: #a0ce4e;\n\t\t\t\t\t}\n\t\t\t\t\t.fusion-content-boxes-2 .fusion-content-box-hover .link-area-box-hover .icon .circle-no {\n\t\t\t\t\t\tcolor: #a0ce4e !important;\n\t\t\t\t\t}.fusion-content-boxes-2 .fusion-content-box-hover .link-area-box.link-area-box-hover .fusion-content-box-button {background: #96c346;color: #ffffff;}.fusion-content-boxes-2 .fusion-content-box-hover .link-area-box.link-area-box-hover .fusion-content-box-button .fusion-button-text {color: #ffffff;}\n\t\t\t\t\t.fusion-content-boxes-2 .fusion-content-box-hover .link-area-link-icon-hover .heading .icon > span {\n\t\t\t\t\t\tbackground-color: #a0ce4e !important;\n\t\t\t\t\t}\n\t\t\t\t\t.fusion-content-boxes-2 .fusion-content-box-hover .link-area-box-hover .heading .icon > span {\n\t\t\t\t\t\tborder-color: #a0ce4e !important;\n\t\t\t\t\t}<\/style><div class=\"fusion-column content-box-column content-box-column content-box-column-1 col-lg-12 col-md-12 col-sm-12 fusion-content-box-hover  content-box-column-last content-box-column-last-in-row\"><div class=\"col content-wrapper link-area-link-icon icon-hover-animation-fade\" style=\"background-color:rgba(255,255,255,0);\" data-animationOffset=\"100%\"><div class=\"fusion-clearfix\"><\/div><div class=\"content-container\" style=\"color:#747474;\">\n<h3>ARCHITECTURAL APPROACH<\/h3>\n<p>The Lagoon II is a place with a specific character whose vocation is to represent an area of \u200b\u200bactivity entirely focused on entertainment, comfort and rest.<\/p>\n<p>It is therefore a question of creating a welcoming place not only for exchanges between tourists but also for the various actors of society.<\/p>\n<p>Therefore, such a place carries a strong symbolic value which implies a particular treatment from the point of view of its conception.<\/p>\n<p>Our architectural choices arise from these concerns and result in a composition centered around the common rooms, the reception, the hall, the pantry, and the restaurant room (multipurpose) the bar constituting the main pole of the project, the core central from which organize the life of the hotel and its various functions.<\/p>\n<p>Not only we wanted to contribute to the idea that materials by their quality and nobility, will contribute to the prestige of the place, we also want to make this book an exception considering the choice adopted in terms of quality of materials and durability. their aesthetic contribution: it is stainless steel, bronze, nickel, brass, glass of choice, natural wood and luxury furniture.<\/p>\n<p>Dakar, with its privileged geographical position and cultural appeal, has always been a hub in the world.<\/p>\n<p>Today the wish that one could formulate is that Dakar remains a historic city where mass tourists arrive.<\/p>\n<\/div><\/div><\/div><div class=\"fusion-clearfix\"><\/div><style type=\"text\/css\" scoped=\"scoped\">\n\t\t\t\t\t\t.fusion-content-boxes-2 .fusion-content-box-hover .heading-link:hover .icon i.circle-yes,\n\t\t\t\t\t\t.fusion-content-boxes-2 .fusion-content-box-hover .link-area-box:hover .heading-link .icon i.circle-yes,\n\t\t\t\t\t\t.fusion-content-boxes-2 .fusion-content-box-hover .link-area-link-icon-hover .heading .icon i.circle-yes,\n\t\t\t\t\t\t.fusion-content-boxes-2 .fusion-content-box-hover .link-area-box-hover .heading .icon i.circle-yes {\n\t\t\t\t\t\t\tbackground-color: #a0ce4e !important;\n\t\t\t\t\t\t\tborder-color: #a0ce4e !important;\n\t\t\t\t\t\t}<\/style><div class=\"fusion-clearfix\"><\/div><\/div><div class=\"fusion-clearfix\"><\/div>\n\n\t\t\t\t\t<\/div>\n\t\t\t\t<\/div><div  class=\"fusion-layout-column fusion_builder_column fusion_builder_column_1_2  fusion-one-half fusion-column-last 1_2\"  style='margin-top:0px;margin-bottom:0px;width:50%;width:calc(50% - ( ( 4% ) * 0.5 ) );'>\n\t\t\t\t\t<div class=\"fusion-column-wrapper\" style=\"padding: 0px 0px 0px 0px;background-position:left top;background-repeat:no-repeat;-webkit-background-size:cover;-moz-background-size:cover;-o-background-size:cover;background-size:cover;\"  data-bg-url=\"\">\n\t\t\t\t\t\t<div class=\"fusion-content-boxes content-boxes columns row fusion-columns-1 fusion-columns-total-1 fusion-content-boxes-3 content-boxes-icon-with-title content-left\" data-animationOffset=\"100%\" style=\"margin-top:0px;margin-bottom:0px;\"><style type=\"text\/css\" scoped=\"scoped\">.fusion-content-boxes-3 .heading h2{color:#333333;}\n\t\t\t\t\t.fusion-content-boxes-3 .fusion-content-box-hover .link-area-link-icon-hover .heading h2,\n\t\t\t\t\t.fusion-content-boxes-3 .fusion-content-box-hover .link-area-link-icon-hover .heading .heading-link h2,\n\t\t\t\t\t.fusion-content-boxes-3 .fusion-content-box-hover .link-area-box-hover .heading h2,\n\t\t\t\t\t.fusion-content-boxes-3 .fusion-content-box-hover .link-area-box-hover .heading .heading-link h2,\n\t\t\t\t\t.fusion-content-boxes-3 .fusion-content-box-hover .link-area-link-icon-hover.link-area-box .fusion-read-more,\n\t\t\t\t\t.fusion-content-boxes-3 .fusion-content-box-hover .link-area-link-icon-hover.link-area-box .fusion-read-more::after,\n\t\t\t\t\t.fusion-content-boxes-3 .fusion-content-box-hover .link-area-link-icon-hover.link-area-box .fusion-read-more::before,\n\t\t\t\t\t.fusion-content-boxes-3 .fusion-content-box-hover .fusion-read-more:hover:after,\n\t\t\t\t\t.fusion-content-boxes-3 .fusion-content-box-hover .fusion-read-more:hover:before,\n\t\t\t\t\t.fusion-content-boxes-3 .fusion-content-box-hover .fusion-read-more:hover,\n\t\t\t\t\t.fusion-content-boxes-3 .fusion-content-box-hover .link-area-box-hover.link-area-box .fusion-read-more,\n\t\t\t\t\t.fusion-content-boxes-3 .fusion-content-box-hover .link-area-box-hover.link-area-box .fusion-read-more::after,\n\t\t\t\t\t.fusion-content-boxes-3 .fusion-content-box-hover .link-area-box-hover.link-area-box .fusion-read-more::before,\n\t\t\t\t\t.fusion-content-boxes-3 .fusion-content-box-hover .link-area-link-icon-hover .icon .circle-no,\n\t\t\t\t\t.fusion-content-boxes-3 .heading .heading-link:hover .content-box-heading {\n\t\t\t\t\t\tcolor: #a0ce4e;\n\t\t\t\t\t}\n\t\t\t\t\t.fusion-content-boxes-3 .fusion-content-box-hover .link-area-box-hover .icon .circle-no {\n\t\t\t\t\t\tcolor: #a0ce4e !important;\n\t\t\t\t\t}.fusion-content-boxes-3 .fusion-content-box-hover .link-area-box.link-area-box-hover .fusion-content-box-button {background: #96c346;color: #ffffff;}.fusion-content-boxes-3 .fusion-content-box-hover .link-area-box.link-area-box-hover .fusion-content-box-button .fusion-button-text {color: #ffffff;}\n\t\t\t\t\t.fusion-content-boxes-3 .fusion-content-box-hover .link-area-link-icon-hover .heading .icon > span {\n\t\t\t\t\t\tbackground-color: #a0ce4e !important;\n\t\t\t\t\t}\n\t\t\t\t\t.fusion-content-boxes-3 .fusion-content-box-hover .link-area-box-hover .heading .icon > span {\n\t\t\t\t\t\tborder-color: #a0ce4e !important;\n\t\t\t\t\t}<\/style><div class=\"fusion-column content-box-column content-box-column content-box-column-1 col-lg-12 col-md-12 col-sm-12 fusion-content-box-hover  content-box-column-last content-box-column-last-in-row\"><div class=\"col content-wrapper link-area-link-icon icon-hover-animation-fade\" style=\"background-color:rgba(255,255,255,0);\" data-animationOffset=\"100%\"><div class=\"fusion-clearfix\"><\/div><div class=\"content-container\" style=\"color:#747474;\">\n<p>Le lagon 2 con\u00e7u dans les ann\u00e9es 70, par un Grand prix de Rome du nom J. BACH reste parmi les rares \u0153uvres les mieux abouties d\u2019un point de vue architectural \u00e0 Dakar. Elle demeure discr\u00e8te tout en d\u00e9voilant ses atouts\u00a0: rep\u00e8re du monde du\u00a0jet set au-del\u00e0 de nos fronti\u00e8res il s\u2019est fait sa place dans le monde tr\u00e8s ferm\u00e9 des hommes de la soci\u00e9t\u00e9.<\/p>\n<p>Il b\u00e9n\u00e9ficie d\u2019un emplacement et d\u2019une position envi\u00e9s par l\u2019ensemble des r\u00e9ceptifs \u00e0 Dakar, du point de vue son orientation unique, une vue panoramique \u00e0 partir de l\u2019h\u00f4tel, l\u2019environnement offre une vue sur la r\u00e9sidence du gouverneur de l\u2019AOF devenu aujourd\u2019hui le palais pr\u00e9sidentiel et la vue tout au long de la corniche de cette falaise sur laquelle vient s\u2019accrocher ce chef d\u2019\u0153uvre, de l\u2019autre c\u00f4t\u00e9 vers l\u2019horizon on d\u00e9couvre la ville historique de Gor\u00e9e de par son nom et comme le lieu de relais vers le nouveau monde \u00ab\u00a0le commerce triangulaire\u00a0\u00bb.<\/p>\n<p>Face \u00e0 l\u2019h\u00e9t\u00e9rog\u00e9n\u00e9it\u00e9 de l\u2019environnement le projet s\u2019efforce de relier les diff\u00e9rents \u00e9l\u00e9ments par leur masse, les vides, les circulations, les coursives et r\u00e9unit l\u2019ensemble dans un monde marin.<\/p>\n<p>Les espaces verts, les jardins suspendus et plant\u00e9s d\u2019arbres de qualit\u00e9 assurent le caract\u00e8re reposant du projet. La proposition exprime un nombre vari\u00e9 de volumes et d\u2019espaces justifiants l\u2019apport formel de l\u2019int\u00e9gration d\u2019activit\u00e9s professionnelles et d\u00e9tente r\u00e9unies.<\/p>\n<p>En architecture de nouveau, il faut la d\u00e9mesure, l\u2019outrance, l\u2019imagination et une contagieuse audace ce qui refl\u00e8te la proposition adopt\u00e9e dans cette d\u00e9marche par le ma\u00eetre d\u2019ouvrage.<\/p>\n<p>L&rsquo;h\u00f4tel forme un objet insolite qui apparait comme un navire de plaisance nich\u00e9 dans une crique.<\/p>\n<p style=\"text-align: left;\">Le tout port\u00e9 vers un clin d&rsquo;\u0153il \u00e0 Miles Davis \u00e0 travers cet escalier en forme de trompette.<\/p>\n<\/div><\/div><\/div><div class=\"fusion-clearfix\"><\/div><style type=\"text\/css\" scoped=\"scoped\">\n\t\t\t\t\t\t.fusion-content-boxes-3 .fusion-content-box-hover .heading-link:hover .icon i.circle-yes,\n\t\t\t\t\t\t.fusion-content-boxes-3 .fusion-content-box-hover .link-area-box:hover .heading-link .icon i.circle-yes,\n\t\t\t\t\t\t.fusion-content-boxes-3 .fusion-content-box-hover .link-area-link-icon-hover .heading .icon i.circle-yes,\n\t\t\t\t\t\t.fusion-content-boxes-3 .fusion-content-box-hover .link-area-box-hover .heading .icon i.circle-yes {\n\t\t\t\t\t\t\tbackground-color: #a0ce4e !important;\n\t\t\t\t\t\t\tborder-color: #a0ce4e !important;\n\t\t\t\t\t\t}<\/style><div class=\"fusion-clearfix\"><\/div><\/div><span style=\"margin-left:25px;float:right;\" class=\"fusion-imageframe imageframe-none imageframe-3 hover-type-none\"><img loading=\"lazy\" decoding=\"async\" src=\"http:\/\/archiconceptint.sn\/en\/wp-content\/uploads\/2019\/08\/staircase-miles-davis-300x27.png\" width=\"300\" height=\"27\" alt=\"\" title=\"staircase-miles-davis\" class=\"img-responsive wp-image-109\" srcset=\"http:\/\/archiconceptint.sn\/en\/wp-content\/uploads\/2019\/08\/staircase-miles-davis-200x18.png 200w, http:\/\/archiconceptint.sn\/en\/wp-content\/uploads\/2019\/08\/staircase-miles-davis-400x36.png 400w, http:\/\/archiconceptint.sn\/en\/wp-content\/uploads\/2019\/08\/staircase-miles-davis.png 448w\" sizes=\"auto, (max-width: 800px) 100vw, 300px\" \/><\/span><div class=\"fusion-clearfix\"><\/div>\n\n\t\t\t\t\t<\/div>\n\t\t\t\t<\/div><\/div><\/div><div class=\"fusion-fullwidth fullwidth-box nonhundred-percent-fullwidth non-hundred-percent-height-scrolling\"  style='background-color: rgba(255,255,255,0);background-position: center center;background-repeat: no-repeat;padding-top:0px;padding-right:0px;padding-bottom:0px;padding-left:0px;'><div class=\"fusion-builder-row fusion-row \"><div  class=\"fusion-layout-column fusion_builder_column fusion_builder_column_1_2  fusion-one-half fusion-column-first fusion-spacing-no 1_2\"  style='margin-top:0px;margin-bottom:0px;width:50%;width:calc(50% - ( ( 0 ) * 0.5 ) );margin-right: 0px;'>\n\t\t\t\t\t<div class=\"fusion-column-wrapper\" style=\"padding: 0px 0px 0px 0px;background-position:left top;background-repeat:no-repeat;-webkit-background-size:cover;-moz-background-size:cover;-o-background-size:cover;background-size:cover;\"  data-bg-url=\"\">\n\t\t\t\t\t\t<span class=\"fusion-imageframe imageframe-none imageframe-4 hover-type-none\"><img loading=\"lazy\" decoding=\"async\" src=\"http:\/\/archiconceptint.sn\/en\/wp-content\/uploads\/2019\/10\/hotel-the-lagon-2-architectural-firm-dakar-senegal-malick-mbow-architect-dplg-f-dakar-senegal-5.jpg\" width=\"800\" height=\"533\" alt=\"Lagon 2 Hotel in Dakar, Senegal - Architectural firm Archi Concept International - Malick Mbow\" title=\"hotel-the-lagon-2-architectural-firm-dakar-senegal-malick-mbow-architect-dplg-f-dakar-senegal-5\" class=\"img-responsive wp-image-355\" srcset=\"http:\/\/archiconceptint.sn\/en\/wp-content\/uploads\/2019\/10\/hotel-the-lagon-2-architectural-firm-dakar-senegal-malick-mbow-architect-dplg-f-dakar-senegal-5-200x133.jpg 200w, http:\/\/archiconceptint.sn\/en\/wp-content\/uploads\/2019\/10\/hotel-the-lagon-2-architectural-firm-dakar-senegal-malick-mbow-architect-dplg-f-dakar-senegal-5-400x267.jpg 400w, http:\/\/archiconceptint.sn\/en\/wp-content\/uploads\/2019\/10\/hotel-the-lagon-2-architectural-firm-dakar-senegal-malick-mbow-architect-dplg-f-dakar-senegal-5-600x400.jpg 600w, http:\/\/archiconceptint.sn\/en\/wp-content\/uploads\/2019\/10\/hotel-the-lagon-2-architectural-firm-dakar-senegal-malick-mbow-architect-dplg-f-dakar-senegal-5.jpg 800w\" sizes=\"auto, (max-width: 800px) 100vw, 600px\" \/><\/span><div class=\"fusion-clearfix\"><\/div>\n\n\t\t\t\t\t<\/div>\n\t\t\t\t<\/div><div  class=\"fusion-layout-column fusion_builder_column fusion_builder_column_1_2  fusion-one-half fusion-column-last fusion-spacing-no 1_2\"  style='margin-top:0px;margin-bottom:0px;width:50%;width:calc(50% - ( ( 0 ) * 0.5 ) );'>\n\t\t\t\t\t<div class=\"fusion-column-wrapper\" style=\"padding: 0px 0px 0px 0px;background-position:left top;background-repeat:no-repeat;-webkit-background-size:cover;-moz-background-size:cover;-o-background-size:cover;background-size:cover;\"  data-bg-url=\"\">\n\t\t\t\t\t\t<span class=\"fusion-imageframe imageframe-none imageframe-5 hover-type-none\"><img loading=\"lazy\" decoding=\"async\" src=\"http:\/\/archiconceptint.sn\/en\/wp-content\/uploads\/2019\/10\/hotel-the-lagon-2-architectural-firm-dakar-senegal-malick-mbow-architect-dplg-f-dakar-senegal-6.jpg\" width=\"800\" height=\"533\" alt=\"Lagon 2 Hotel in Dakar, Senegal - Architectural firm Archi Concept International - Malick Mbow\" title=\"hotel-the-lagon-2-architectural-firm-dakar-senegal-malick-mbow-architect-dplg-f-dakar-senegal-6\" class=\"img-responsive wp-image-356\" srcset=\"http:\/\/archiconceptint.sn\/en\/wp-content\/uploads\/2019\/10\/hotel-the-lagon-2-architectural-firm-dakar-senegal-malick-mbow-architect-dplg-f-dakar-senegal-6-200x133.jpg 200w, http:\/\/archiconceptint.sn\/en\/wp-content\/uploads\/2019\/10\/hotel-the-lagon-2-architectural-firm-dakar-senegal-malick-mbow-architect-dplg-f-dakar-senegal-6-400x267.jpg 400w, http:\/\/archiconceptint.sn\/en\/wp-content\/uploads\/2019\/10\/hotel-the-lagon-2-architectural-firm-dakar-senegal-malick-mbow-architect-dplg-f-dakar-senegal-6-600x400.jpg 600w, http:\/\/archiconceptint.sn\/en\/wp-content\/uploads\/2019\/10\/hotel-the-lagon-2-architectural-firm-dakar-senegal-malick-mbow-architect-dplg-f-dakar-senegal-6.jpg 800w\" sizes=\"auto, (max-width: 800px) 100vw, 600px\" \/><\/span><span class=\"fusion-imageframe imageframe-none imageframe-6 hover-type-none\"><\/span><div class=\"fusion-clearfix\"><\/div>\n\n\t\t\t\t\t<\/div>\n\t\t\t\t<\/div><div  class=\"fusion-layout-column fusion_builder_column fusion_builder_column_1_2  fusion-one-half fusion-column-first fusion-spacing-no 1_2\"  style='margin-top:0px;margin-bottom:0px;width:50%;width:calc(50% - ( ( 0 ) * 0.5 ) );margin-right: 0px;'>\n\t\t\t\t\t<div class=\"fusion-column-wrapper\" style=\"padding: 0px 0px 0px 0px;background-position:left top;background-repeat:no-repeat;-webkit-background-size:cover;-moz-background-size:cover;-o-background-size:cover;background-size:cover;\"  data-bg-url=\"\">\n\t\t\t\t\t\t<span class=\"fusion-imageframe imageframe-none imageframe-7 hover-type-none\"><img loading=\"lazy\" decoding=\"async\" src=\"http:\/\/archiconceptint.sn\/en\/wp-content\/uploads\/2019\/10\/hotel-the-lagon-2-architectural-firm-dakar-senegal-malick-mbow-architect-dplg-f-dakar-senegal-3.jpg\" width=\"800\" height=\"533\" alt=\"Lagon 2 Hotel in Dakar, Senegal - Architectural firm Archi Concept International - Malick Mbow\" title=\"hotel-the-lagon-2-architectural-firm-dakar-senegal-malick-mbow-architect-dplg-f-dakar-senegal-3\" class=\"img-responsive wp-image-353\" srcset=\"http:\/\/archiconceptint.sn\/en\/wp-content\/uploads\/2019\/10\/hotel-the-lagon-2-architectural-firm-dakar-senegal-malick-mbow-architect-dplg-f-dakar-senegal-3-200x133.jpg 200w, http:\/\/archiconceptint.sn\/en\/wp-content\/uploads\/2019\/10\/hotel-the-lagon-2-architectural-firm-dakar-senegal-malick-mbow-architect-dplg-f-dakar-senegal-3-400x267.jpg 400w, http:\/\/archiconceptint.sn\/en\/wp-content\/uploads\/2019\/10\/hotel-the-lagon-2-architectural-firm-dakar-senegal-malick-mbow-architect-dplg-f-dakar-senegal-3-600x400.jpg 600w, http:\/\/archiconceptint.sn\/en\/wp-content\/uploads\/2019\/10\/hotel-the-lagon-2-architectural-firm-dakar-senegal-malick-mbow-architect-dplg-f-dakar-senegal-3.jpg 800w\" sizes=\"auto, (max-width: 800px) 100vw, 600px\" \/><\/span><div class=\"fusion-clearfix\"><\/div>\n\n\t\t\t\t\t<\/div>\n\t\t\t\t<\/div><div  class=\"fusion-layout-column fusion_builder_column fusion_builder_column_1_2  fusion-one-half fusion-column-last fusion-spacing-no 1_2\"  style='margin-top:0px;margin-bottom:0px;width:50%;width:calc(50% - ( ( 0 ) * 0.5 ) );'>\n\t\t\t\t\t<div class=\"fusion-column-wrapper\" style=\"padding: 0px 0px 0px 0px;background-position:left top;background-repeat:no-repeat;-webkit-background-size:cover;-moz-background-size:cover;-o-background-size:cover;background-size:cover;\"  data-bg-url=\"\">\n\t\t\t\t\t\t<span class=\"fusion-imageframe imageframe-none imageframe-8 hover-type-none\"><img loading=\"lazy\" decoding=\"async\" src=\"http:\/\/archiconceptint.sn\/en\/wp-content\/uploads\/2019\/10\/hotel-the-lagon-2-architectural-firm-dakar-senegal-malick-mbow-architect-dplg-f-dakar-senegal-4.jpg\" width=\"800\" height=\"533\" alt=\"Lagon 2 Hotel in Dakar, Senegal - Architectural firm Archi Concept International - Malick Mbow\" title=\"hotel-the-lagon-2-architectural-firm-dakar-senegal-malick-mbow-architect-dplg-f-dakar-senegal-4\" class=\"img-responsive wp-image-354\" srcset=\"http:\/\/archiconceptint.sn\/en\/wp-content\/uploads\/2019\/10\/hotel-the-lagon-2-architectural-firm-dakar-senegal-malick-mbow-architect-dplg-f-dakar-senegal-4-200x133.jpg 200w, http:\/\/archiconceptint.sn\/en\/wp-content\/uploads\/2019\/10\/hotel-the-lagon-2-architectural-firm-dakar-senegal-malick-mbow-architect-dplg-f-dakar-senegal-4-400x267.jpg 400w, http:\/\/archiconceptint.sn\/en\/wp-content\/uploads\/2019\/10\/hotel-the-lagon-2-architectural-firm-dakar-senegal-malick-mbow-architect-dplg-f-dakar-senegal-4-600x400.jpg 600w, http:\/\/archiconceptint.sn\/en\/wp-content\/uploads\/2019\/10\/hotel-the-lagon-2-architectural-firm-dakar-senegal-malick-mbow-architect-dplg-f-dakar-senegal-4.jpg 800w\" sizes=\"auto, (max-width: 800px) 100vw, 600px\" \/><\/span><div class=\"fusion-clearfix\"><\/div>\n\n\t\t\t\t\t<\/div>\n\t\t\t\t<\/div><div  class=\"fusion-layout-column fusion_builder_column fusion_builder_column_1_2  fusion-one-half fusion-column-first fusion-spacing-no 1_2\"  style='margin-top:0px;margin-bottom:0px;width:50%;width:calc(50% - ( ( 0 ) * 0.5 ) );margin-right: 0px;'>\n\t\t\t\t\t<div class=\"fusion-column-wrapper\" style=\"padding: 0px 0px 0px 0px;background-position:left top;background-repeat:no-repeat;-webkit-background-size:cover;-moz-background-size:cover;-o-background-size:cover;background-size:cover;\"  data-bg-url=\"\">\n\t\t\t\t\t\t<span class=\"fusion-imageframe imageframe-none imageframe-9 hover-type-none\"><img loading=\"lazy\" decoding=\"async\" src=\"http:\/\/archiconceptint.sn\/en\/wp-content\/uploads\/2019\/10\/hotel-the-lagon-2-architectural-firm-dakar-senegal-malick-mbow-architect-dplg-f-dakar-senegal-7.jpg\" width=\"800\" height=\"533\" alt=\"Lagon 2 Hotel in Dakar, Senegal - Architectural firm Archi Concept International - Malick Mbow\" title=\"hotel-the-lagon-2-architectural-firm-dakar-senegal-malick-mbow-architect-dplg-f-dakar-senegal-7\" class=\"img-responsive wp-image-357\" srcset=\"http:\/\/archiconceptint.sn\/en\/wp-content\/uploads\/2019\/10\/hotel-the-lagon-2-architectural-firm-dakar-senegal-malick-mbow-architect-dplg-f-dakar-senegal-7-200x133.jpg 200w, http:\/\/archiconceptint.sn\/en\/wp-content\/uploads\/2019\/10\/hotel-the-lagon-2-architectural-firm-dakar-senegal-malick-mbow-architect-dplg-f-dakar-senegal-7-400x267.jpg 400w, http:\/\/archiconceptint.sn\/en\/wp-content\/uploads\/2019\/10\/hotel-the-lagon-2-architectural-firm-dakar-senegal-malick-mbow-architect-dplg-f-dakar-senegal-7-600x400.jpg 600w, http:\/\/archiconceptint.sn\/en\/wp-content\/uploads\/2019\/10\/hotel-the-lagon-2-architectural-firm-dakar-senegal-malick-mbow-architect-dplg-f-dakar-senegal-7.jpg 800w\" sizes=\"auto, (max-width: 800px) 100vw, 600px\" \/><\/span><div class=\"fusion-clearfix\"><\/div>\n\n\t\t\t\t\t<\/div>\n\t\t\t\t<\/div><div  class=\"fusion-layout-column fusion_builder_column fusion_builder_column_1_2  fusion-one-half fusion-column-last fusion-spacing-no 1_2\"  style='margin-top:0px;margin-bottom:0px;width:50%;width:calc(50% - ( ( 0 ) * 0.5 ) );'>\n\t\t\t\t\t<div class=\"fusion-column-wrapper\" style=\"padding: 0px 0px 0px 0px;background-position:left top;background-repeat:no-repeat;-webkit-background-size:cover;-moz-background-size:cover;-o-background-size:cover;background-size:cover;\"  data-bg-url=\"\">\n\t\t\t\t\t\t<span class=\"fusion-imageframe imageframe-none imageframe-10 hover-type-none\"><img loading=\"lazy\" decoding=\"async\" src=\"http:\/\/archiconceptint.sn\/en\/wp-content\/uploads\/2019\/08\/le-lagon-hotel-architectural-firm-dakar-senegal-malick-mbow-architect-dplg-f-dakar-senegal4.jpg\" width=\"1088\" height=\"750\" alt=\"Lagon 2 Hotel in Dakar, Senegal - Architectural firm Archi Concept International - Malick Mbow\" title=\"le-lagon-hotel-architectural-firm-dakar-senegal-malick-mbow-architect-dplg-f-dakar-senegal4\" class=\"img-responsive wp-image-97\" srcset=\"http:\/\/archiconceptint.sn\/en\/wp-content\/uploads\/2019\/08\/le-lagon-hotel-architectural-firm-dakar-senegal-malick-mbow-architect-dplg-f-dakar-senegal4-200x138.jpg 200w, http:\/\/archiconceptint.sn\/en\/wp-content\/uploads\/2019\/08\/le-lagon-hotel-architectural-firm-dakar-senegal-malick-mbow-architect-dplg-f-dakar-senegal4-400x276.jpg 400w, http:\/\/archiconceptint.sn\/en\/wp-content\/uploads\/2019\/08\/le-lagon-hotel-architectural-firm-dakar-senegal-malick-mbow-architect-dplg-f-dakar-senegal4-600x414.jpg 600w, http:\/\/archiconceptint.sn\/en\/wp-content\/uploads\/2019\/08\/le-lagon-hotel-architectural-firm-dakar-senegal-malick-mbow-architect-dplg-f-dakar-senegal4-800x551.jpg 800w, http:\/\/archiconceptint.sn\/en\/wp-content\/uploads\/2019\/08\/le-lagon-hotel-architectural-firm-dakar-senegal-malick-mbow-architect-dplg-f-dakar-senegal4.jpg 1088w\" sizes=\"auto, (max-width: 800px) 100vw, 600px\" \/><\/span><div class=\"fusion-clearfix\"><\/div>\n\n\t\t\t\t\t<\/div>\n\t\t\t\t<\/div><div  class=\"fusion-layout-column fusion_builder_column fusion_builder_column_1_2  fusion-one-half fusion-column-first fusion-spacing-no 1_2\"  style='margin-top:0px;margin-bottom:0px;width:50%;width:calc(50% - ( ( 0 ) * 0.5 ) );margin-right: 0px;'>\n\t\t\t\t\t<div class=\"fusion-column-wrapper\" style=\"padding: 0px 0px 0px 0px;background-position:left top;background-repeat:no-repeat;-webkit-background-size:cover;-moz-background-size:cover;-o-background-size:cover;background-size:cover;\"  data-bg-url=\"\">\n\t\t\t\t\t\t<span class=\"fusion-imageframe imageframe-none imageframe-11 hover-type-none\"><img loading=\"lazy\" decoding=\"async\" src=\"http:\/\/archiconceptint.sn\/en\/wp-content\/uploads\/2019\/10\/hotel-the-lagon-2-architectural-firm-dakar-senegal-malick-mbow-architect-dplg-f-dakar-senegal-9.jpg\" width=\"800\" height=\"533\" alt=\"Lagon 2 Hotel in Dakar, Senegal - Architectural firm Archi Concept International - Malick Mbow\" title=\"hotel-the-lagon-2-architectural-firm-dakar-senegal-malick-mbow-architect-dplg-f-dakar-senegal-9\" class=\"img-responsive wp-image-359\" srcset=\"http:\/\/archiconceptint.sn\/en\/wp-content\/uploads\/2019\/10\/hotel-the-lagon-2-architectural-firm-dakar-senegal-malick-mbow-architect-dplg-f-dakar-senegal-9-200x133.jpg 200w, http:\/\/archiconceptint.sn\/en\/wp-content\/uploads\/2019\/10\/hotel-the-lagon-2-architectural-firm-dakar-senegal-malick-mbow-architect-dplg-f-dakar-senegal-9-400x267.jpg 400w, http:\/\/archiconceptint.sn\/en\/wp-content\/uploads\/2019\/10\/hotel-the-lagon-2-architectural-firm-dakar-senegal-malick-mbow-architect-dplg-f-dakar-senegal-9-600x400.jpg 600w, http:\/\/archiconceptint.sn\/en\/wp-content\/uploads\/2019\/10\/hotel-the-lagon-2-architectural-firm-dakar-senegal-malick-mbow-architect-dplg-f-dakar-senegal-9.jpg 800w\" sizes=\"auto, (max-width: 800px) 100vw, 600px\" \/><\/span><div class=\"fusion-clearfix\"><\/div>\n\n\t\t\t\t\t<\/div>\n\t\t\t\t<\/div><div  class=\"fusion-layout-column fusion_builder_column fusion_builder_column_1_2  fusion-one-half fusion-column-last fusion-spacing-no 1_2\"  style='margin-top:0px;margin-bottom:0px;width:50%;width:calc(50% - ( ( 0 ) * 0.5 ) );'>\n\t\t\t\t\t<div class=\"fusion-column-wrapper\" style=\"padding: 0px 0px 0px 0px;background-position:left top;background-repeat:no-repeat;-webkit-background-size:cover;-moz-background-size:cover;-o-background-size:cover;background-size:cover;\"  data-bg-url=\"\">\n\t\t\t\t\t\t<span class=\"fusion-imageframe imageframe-none imageframe-12 hover-type-none\"><img loading=\"lazy\" decoding=\"async\" src=\"http:\/\/archiconceptint.sn\/en\/wp-content\/uploads\/2019\/10\/hotel-the-lagon-2-architectural-firm-dakar-senegal-malick-mbow-architect-dplg-f-dakar-senegal-11.jpg\" width=\"800\" height=\"533\" alt=\"Lagon 2 Hotel in Dakar, Senegal - Architectural firm Archi Concept International - Malick Mbow\" title=\"hotel-the-lagon-2-architectural-firm-dakar-senegal-malick-mbow-architect-dplg-f-dakar-senegal-11\" class=\"img-responsive wp-image-361\" srcset=\"http:\/\/archiconceptint.sn\/en\/wp-content\/uploads\/2019\/10\/hotel-the-lagon-2-architectural-firm-dakar-senegal-malick-mbow-architect-dplg-f-dakar-senegal-11-200x133.jpg 200w, http:\/\/archiconceptint.sn\/en\/wp-content\/uploads\/2019\/10\/hotel-the-lagon-2-architectural-firm-dakar-senegal-malick-mbow-architect-dplg-f-dakar-senegal-11-400x267.jpg 400w, http:\/\/archiconceptint.sn\/en\/wp-content\/uploads\/2019\/10\/hotel-the-lagon-2-architectural-firm-dakar-senegal-malick-mbow-architect-dplg-f-dakar-senegal-11-600x400.jpg 600w, http:\/\/archiconceptint.sn\/en\/wp-content\/uploads\/2019\/10\/hotel-the-lagon-2-architectural-firm-dakar-senegal-malick-mbow-architect-dplg-f-dakar-senegal-11.jpg 800w\" sizes=\"auto, (max-width: 800px) 100vw, 600px\" \/><\/span><div class=\"fusion-clearfix\"><\/div>\n\n\t\t\t\t\t<\/div>\n\t\t\t\t<\/div><div  class=\"fusion-layout-column fusion_builder_column fusion_builder_column_1_2  fusion-one-half fusion-column-first fusion-spacing-no 1_2\"  style='margin-top:0px;margin-bottom:20px;width:50%;width:calc(50% - ( ( 0 ) * 0.5 ) );margin-right: 0px;'>\n\t\t\t\t\t<div class=\"fusion-column-wrapper\" style=\"padding: 0px 0px 0px 0px;background-position:left top;background-repeat:no-repeat;-webkit-background-size:cover;-moz-background-size:cover;-o-background-size:cover;background-size:cover;\"  data-bg-url=\"\">\n\t\t\t\t\t\t<span class=\"fusion-imageframe imageframe-none imageframe-13 hover-type-none\"><img loading=\"lazy\" decoding=\"async\" src=\"http:\/\/archiconceptint.sn\/en\/wp-content\/uploads\/2019\/08\/le-lagon-hotel-architectural-firm-dakar-senegal-malick-mbow-architect-dplg-f-dakar-senegal-6.jpg\" width=\"1088\" height=\"750\" alt=\"Le Lagon 2 Hotel in Dakar, Senegal - Architectural firm - Archi Concept International - Malick Mbow\" title=\"le-lagon-hotel-architectural-firm-dakar-senegal-malick-mbow-architect-dplg-f-dakar-senegal-6\" class=\"img-responsive wp-image-104\" srcset=\"http:\/\/archiconceptint.sn\/en\/wp-content\/uploads\/2019\/08\/le-lagon-hotel-architectural-firm-dakar-senegal-malick-mbow-architect-dplg-f-dakar-senegal-6-200x138.jpg 200w, http:\/\/archiconceptint.sn\/en\/wp-content\/uploads\/2019\/08\/le-lagon-hotel-architectural-firm-dakar-senegal-malick-mbow-architect-dplg-f-dakar-senegal-6-400x276.jpg 400w, http:\/\/archiconceptint.sn\/en\/wp-content\/uploads\/2019\/08\/le-lagon-hotel-architectural-firm-dakar-senegal-malick-mbow-architect-dplg-f-dakar-senegal-6-600x414.jpg 600w, http:\/\/archiconceptint.sn\/en\/wp-content\/uploads\/2019\/08\/le-lagon-hotel-architectural-firm-dakar-senegal-malick-mbow-architect-dplg-f-dakar-senegal-6-800x551.jpg 800w, http:\/\/archiconceptint.sn\/en\/wp-content\/uploads\/2019\/08\/le-lagon-hotel-architectural-firm-dakar-senegal-malick-mbow-architect-dplg-f-dakar-senegal-6.jpg 1088w\" sizes=\"auto, (max-width: 800px) 100vw, 600px\" \/><\/span><div class=\"fusion-clearfix\"><\/div>\n\n\t\t\t\t\t<\/div>\n\t\t\t\t<\/div><div  class=\"fusion-layout-column fusion_builder_column fusion_builder_column_1_2  fusion-one-half fusion-column-last fusion-spacing-no 1_2\"  style='margin-top:0px;margin-bottom:20px;width:50%;width:calc(50% - ( ( 0 ) * 0.5 ) );'>\n\t\t\t\t\t<div class=\"fusion-column-wrapper\" style=\"padding: 0px 0px 0px 0px;background-position:left top;background-repeat:no-repeat;-webkit-background-size:cover;-moz-background-size:cover;-o-background-size:cover;background-size:cover;\"  data-bg-url=\"\">\n\t\t\t\t\t\t<span class=\"fusion-imageframe imageframe-none imageframe-14 hover-type-none\"><img loading=\"lazy\" decoding=\"async\" src=\"http:\/\/archiconceptint.sn\/en\/wp-content\/uploads\/2019\/10\/hotel-the-lagon-2-architectural-firm-dakar-senegal-malick-mbow-architect-dplg-f-dakar-senegal-12.jpg\" width=\"800\" height=\"533\" alt=\"Lagon 2 Hotel in Dakar, Senegal - Architectural firm Archi Concept International - Malick Mbow\" title=\"hotel-the-lagon-2-architectural-firm-dakar-senegal-malick-mbow-architect-dplg-f-dakar-senegal-12\" class=\"img-responsive wp-image-362\" srcset=\"http:\/\/archiconceptint.sn\/en\/wp-content\/uploads\/2019\/10\/hotel-the-lagon-2-architectural-firm-dakar-senegal-malick-mbow-architect-dplg-f-dakar-senegal-12-200x133.jpg 200w, http:\/\/archiconceptint.sn\/en\/wp-content\/uploads\/2019\/10\/hotel-the-lagon-2-architectural-firm-dakar-senegal-malick-mbow-architect-dplg-f-dakar-senegal-12-400x267.jpg 400w, http:\/\/archiconceptint.sn\/en\/wp-content\/uploads\/2019\/10\/hotel-the-lagon-2-architectural-firm-dakar-senegal-malick-mbow-architect-dplg-f-dakar-senegal-12-600x400.jpg 600w, http:\/\/archiconceptint.sn\/en\/wp-content\/uploads\/2019\/10\/hotel-the-lagon-2-architectural-firm-dakar-senegal-malick-mbow-architect-dplg-f-dakar-senegal-12.jpg 800w\" sizes=\"auto, (max-width: 800px) 100vw, 600px\" \/><\/span><div class=\"fusion-clearfix\"><\/div>\n\n\t\t\t\t\t<\/div>\n\t\t\t\t<\/div><\/div><\/div><\/p>\n","protected":false},"excerpt":{"rendered":"","protected":false},"author":1,"featured_media":0,"parent":49,"menu_order":0,"comment_status":"closed","ping_status":"closed","template":"","meta":{"footnotes":""},"class_list":["post-14","page","type-page","status-publish","hentry"],"_links":{"self":[{"href":"http:\/\/archiconceptint.sn\/en\/wp-json\/wp\/v2\/pages\/14","targetHints":{"allow":["GET"]}}],"collection":[{"href":"http:\/\/archiconceptint.sn\/en\/wp-json\/wp\/v2\/pages"}],"about":[{"href":"http:\/\/archiconceptint.sn\/en\/wp-json\/wp\/v2\/types\/page"}],"author":[{"embeddable":true,"href":"http:\/\/archiconceptint.sn\/en\/wp-json\/wp\/v2\/users\/1"}],"replies":[{"embeddable":true,"href":"http:\/\/archiconceptint.sn\/en\/wp-json\/wp\/v2\/comments?post=14"}],"version-history":[{"count":11,"href":"http:\/\/archiconceptint.sn\/en\/wp-json\/wp\/v2\/pages\/14\/revisions"}],"predecessor-version":[{"id":364,"href":"http:\/\/archiconceptint.sn\/en\/wp-json\/wp\/v2\/pages\/14\/revisions\/364"}],"up":[{"embeddable":true,"href":"http:\/\/archiconceptint.sn\/en\/wp-json\/wp\/v2\/pages\/49"}],"wp:attachment":[{"href":"http:\/\/archiconceptint.sn\/en\/wp-json\/wp\/v2\/media?parent=14"}],"curies":[{"name":"wp","href":"https:\/\/api.w.org\/{rel}","templated":true}]}}